{"id":458,"date":"2020-03-11T20:22:04","date_gmt":"2020-03-11T19:22:04","guid":{"rendered":"https:\/\/desarrollo.face.ubiobio.cl\/facsa\/?page_id=458"},"modified":"2025-10-06T10:03:18","modified_gmt":"2025-10-06T13:03:18","slug":"magister-en-salud-publica","status":"publish","type":"page","link":"http:\/\/webfacsa.ubiobio.cl\/index.php\/magister-en-salud-publica\/","title":{"rendered":"Mag\u00edster en Salud P\u00fablica"},"content":{"rendered":"\n<h4>OBJETIVO<\/h4>\n\n\n\n<p>Formar graduados\/as con habilidades para abordar los desaf\u00edos de la salud p\u00fablica mediante el dise\u00f1o y evaluaci\u00f3n de estrategias, programas y pol\u00edticas con perspectiva global y pertinencia local. Promover el compromiso social, la capacidad anal\u00edtica y el liderazgo interdisciplinario de los\/as estudiantes. Fomentar una formaci\u00f3n integral que impulse la equidad en salud y contribuya al desarrollo de los procesos y del entorno.<\/p>\n\n\n\n<h4>PERFIL DEL GRADUADO<\/h4>\n\n\n\n<p>El\/La graduado\/a del Mag\u00edster en Salud P\u00fablica de la Universidad del B\u00edo-B\u00edo se distingue por sus habilidades para abordar los desaf\u00edos que impone la salud p\u00fablica, dise\u00f1ando y evaluando estrategias, programas y pol\u00edticas con perspectiva global y con pertinencia local. Asimismo, se distingue por su compromiso social, capacidad anal\u00edtica y liderazgo interdisciplinario. Su formaci\u00f3n integral promueve la equidad en salud y contribuye al desarrollo de los procesos y de su entorno.<\/p>\n\n\n\n<h3 id=\"pgadmision\">ADMISI\u00d3N:<\/h3>\n\n\n\n<p><strong>Destinatarios:<\/strong><br>Los\/as destinatarios\/as del Programa de Mag\u00edster en Salud P\u00fablica ser\u00e1n todos\/as aquellos\/as licenciados\/as o profesionales titulados\/as de carreras del \u00e1rea de la salud que cumplan los requisitos de ingreso, tales como m\u00e9dicos\/as cirujanos\/as, enfermeros\/as, nutricionistas, fonoaudi\u00f3logos\/as, kinesi\u00f3logos\/as, tecn\u00f3logos\/as m\u00e9dicos\/as, farmac\u00e9uticos o qu\u00edmico-farmac\u00e9uticos, bioqu\u00edmicos, cirujanos\/as dentistas y psic\u00f3logos\/as. Tambi\u00e9n ser\u00e1n destinatarios\/as todos\/as aquellos licenciados\/as o profesionales titulados\/as de carreras no vinculadas con el \u00e1rea de salud, pero con experiencia demostrable en el \u00e1mbito de la Salud P\u00fablica y que cumplan con los requisitos de ingreso establecidos por el programa.<br><br><strong>Requisitos:<\/strong><\/p>\n\n\n\n<p>Los antecedentes y certificaciones a presentar son:<\/p>\n\n\n\n<ul class=\"list-text\"><li>1.\u00a0 Postulaci\u00f3n web al programa, a trav\u00e9s de la plataforma dispuesta para ello por la Universidad.<\/li><li>2. Curr\u00edculum vitae con la trayectoria acad\u00e9mica y laboral del\/de la postulante, debidamente respaldado.<\/li><li>3.\u00a0 Copia de la c\u00e9dula de identidad por ambos lados.<\/li><li>4.\u00a0 Certificado de grado acad\u00e9mico de Licenciado\/a o de T\u00edtulo profesional habilitante, seg\u00fan lo se\u00f1alado en el punto 2.2, en original o copia autorizada ante Notario P\u00fablico. En el caso de las certificaciones acad\u00e9micas extendidas en el extranjero, \u00e9stas deber\u00e1n acreditarse mediante instrumentos debidamente apostillados o legalizados en Chile.<\/li><li>5. Certificado de notas de pregrado, junto a plan de estudios y malla curricular de pregrado.<\/li><li>6. Certificado de r\u00e1nking de egreso de pregrado.<\/li><li>7. Carta de intencionalidad de profundizaci\u00f3n del conocimiento en las l\u00edneas de desarrollo del Mag\u00edster en Salud P\u00fablica, en la que el\/la postulante fundamente la tem\u00e1tica que le interesar\u00eda desarrollar como actividad formativa equivalente, garantizando el tiempo comprometido para el cumplimiento del programa.<\/li><li>8. Dos cartas de recomendaci\u00f3n de car\u00e1cter acad\u00e9mico y\/o profesional.<\/li><li>9. Certificar nivel de ingl\u00e9s B1 o estar dispuesto, si fuese necesario, a nivelar su comprensi\u00f3n y expresi\u00f3n en este idioma. Ser\u00e1n medios de certificaci\u00f3n pruebas internacionales como TOEFL, TOEIC, Michigan o Test Institucional aplicado seg\u00fan programaci\u00f3n acad\u00e9mica anual.<\/li><\/ul>\n\n\n\n<style>ul.list-text {list-style: inside; list-style-type: square; margin-bottom: 1.5rem !important}<\/style>\n\n\n\n\n<div style=\"height:10px\" aria-hidden=\"true\" class=\"wp-block-spacer\"><\/div>\n\n\n\n<p>Documentos adicionales para postulantes que no sean del \u00e1rea de la salud:<\/p>\n\n\n\n<ul class=\"list-text\"><li>Constancia o certificaci\u00f3n extendida por la autoridad competente que acredite experiencia en salud p\u00fablica.<\/li><\/ul>\n\n\n\n<div style=\"height:20px\" aria-hidden=\"true\" class=\"wp-block-spacer\"><\/div>\n\n\n\n<p><strong>Direcci\u00f3n:<\/strong><br>Facultad de Ciencias de la Salud y de los Alimentos, avenida Andr\u00e9s Bello N\u00ba720, Chill\u00e1n.<\/p>\n\n\n\n<p><strong>Duraci\u00f3n:<\/strong><br>Este programa tiene una duraci\u00f3n de dos a\u00f1os acad\u00e9micos, con r\u00e9gimen semestral.<\/p>\n\n\n\n<h4 id=\"pgequipo\">EQUIPO ACAD\u00c9MICO:<\/h4>\n\n\n\n<p class=\"mb-0\"><strong>Acad\u00e9micos del N\u00facleo:<\/strong><\/p>\n\n\n\n<ul class=\"list-text\"><li>Dr. Luis Am\u00e9stica Rivas<\/li><li>Dra. Jacqueline Araneda Flores<\/li><li>Dra. Natalia Bello Escamilla<\/li><li>Mg. Cecilia Gallegos Mu\u00f1oz<\/li><li>Dr. Jos\u00e9 Leiva Caro<\/li><li>Dra. Carolina Luengo Martinez<\/li><li>Mg. Pamela Montoya C\u00e1ceres<\/li><li>Dra. Carmen Luz Mu\u00f1oz Mendoza<\/li><li>Dr. Julio Parra Flores<\/li><li>Dra. Solange Parra Soto<\/li><li>Dra. Catalina Ram\u00edrez Contreras<\/li><li>Dr. Carlos Rojas Zepeda<\/li><li>Mg. Alejandra Rodr\u00edguez Fern\u00e1dez<\/li><li>Mg. Marcela Ruiz de La Fuente<\/li><\/ul>\n\n\n\n<p class=\"mb-0\"><strong>Acad\u00e9micos Colaboradores<\/strong><\/p>\n\n\n\n<ul class=\"list-text\"><li>Mg. Omar Acu\u00f1a Moraga<\/li><li>Dr. Lautaro Briones Su\u00e1rez<\/li><li>Mg. Jorge Burdiles Aguirre<\/li><li>Dra. M\u00f3nica Cardona Valencia<\/li><li>Dr. Jaime Crisosto Alarc\u00f3n<\/li><li>Mg. B\u00e1rbara Far\u00edas Fritz<\/li><li>Dr. Gabriel Lagos Riveros<\/li><li>Dra. Carolina Leyton P\u00e1vez<\/li><li>Dra. Gianella Liabeuf Altamirano<\/li><li>Mg. Sebasti\u00e1n Maureira Meneses<\/li><li>Dr. Patricio Oliva Moresco<\/li><li>Dra. Andrea Palma Contreras<\/li><li>Mg. Yasna Sandoval Fox<\/li><li>Dra. Orieta Segura Badilla<\/li><\/ul>\n\n\n\n<p><strong>WEB DEL PROGRAMA:&nbsp;<\/strong><a href=\"http:\/\/postgrados.ubiobio.cl\/Magisteres\/18\/Salud_Publica\/\">http:\/\/postgrados.ubiobio.cl\/Magisteres\/1\/Salud_Publica\/<\/a><\/p>\n","protected":false},"excerpt":{"rendered":"<p>OBJETIVO Formar graduados\/as con habilidades para abordar los desaf\u00edos de la salud p\u00fablica mediante el dise\u00f1o y evaluaci\u00f3n de estrategias, programas y pol\u00edticas con perspectiva global y pertinencia local. Promover el compromiso social, la capacidad anal\u00edtica y el liderazgo interdisciplinario de los\/as estudiantes. Fomentar una formaci\u00f3n integral que impulse la equidad en salud y contribuya [&hellip;]<\/p>\n","protected":false},"author":2,"featured_media":462,"parent":0,"menu_order":0,"comment_status":"closed","ping_status":"closed","template":"","meta":[],"_links":{"self":[{"href":"http:\/\/webfacsa.ubiobio.cl\/index.php\/wp-json\/wp\/v2\/pages\/458"}],"collection":[{"href":"http:\/\/webfacsa.ubiobio.cl\/index.php\/wp-json\/wp\/v2\/pages"}],"about":[{"href":"http:\/\/webfacsa.ubiobio.cl\/index.php\/wp-json\/wp\/v2\/types\/page"}],"author":[{"embeddable":true,"href":"http:\/\/webfacsa.ubiobio.cl\/index.php\/wp-json\/wp\/v2\/users\/2"}],"replies":[{"embeddable":true,"href":"http:\/\/webfacsa.ubiobio.cl\/index.php\/wp-json\/wp\/v2\/comments?post=458"}],"version-history":[{"count":22,"href":"http:\/\/webfacsa.ubiobio.cl\/index.php\/wp-json\/wp\/v2\/pages\/458\/revisions"}],"predecessor-version":[{"id":3854,"href":"http:\/\/webfacsa.ubiobio.cl\/index.php\/wp-json\/wp\/v2\/pages\/458\/revisions\/3854"}],"wp:featuredmedia":[{"embeddable":true,"href":"http:\/\/webfacsa.ubiobio.cl\/index.php\/wp-json\/wp\/v2\/media\/462"}],"wp:attachment":[{"href":"http:\/\/webfacsa.ubiobio.cl\/index.php\/wp-json\/wp\/v2\/media?parent=458"}],"curies":[{"name":"wp","href":"https:\/\/api.w.org\/{rel}","templated":true}]}}